{"id":493,"date":"2015-08-24T19:45:22","date_gmt":"2015-08-24T17:45:22","guid":{"rendered":"http:\/\/franco-tyrolien.at\/wordpress\/?page_id=493"},"modified":"2026-03-01T20:50:33","modified_gmt":"2026-03-01T19:50:33","slug":"francais","status":"publish","type":"page","link":"http:\/\/franco-tyrolien.at\/wordpress\/lernen\/francais\/","title":{"rendered":"Franz\u00f6sisch"},"content":{"rendered":"<p>Willkommen bei<strong>&nbsp;&#8222;<span style=\"font-size: 14px;\"><em>Sprachwelten<\/em>&#8222;!&nbsp;<\/span><\/strong><\/p>\n<p>Unsere Sprachschule arbeitet eng mit dem IFTI zusammen. Wir bieten Lernkurse in &#8222;Franz\u00f6sisch&#8220; an. Das Niveau der Kurse wird an die Bed\u00fcrfnisse der Teilnehmer\/innen angepasst. Dabei kann zwischen&nbsp;Einzel- und Gruppenunterricht gew\u00e4hlt werden. Speziell&nbsp;f\u00fcr Sch\u00fcler\/innen bieten wir auch individuelle F\u00f6rderprogramme&nbsp;im Unterrichtsfach &#8222;Franz\u00f6sisch&#8220; an.&nbsp;Als Sch\u00fcler\/in der Sprachschule &#8222;<strong>Sprachwelten<\/strong>&#8220; erhalten Sie au\u00dferdem erm\u00e4\u00dfigte Tarife f\u00fcr die DELF und&nbsp;DALF Pr\u00fcfungen.<\/p>\n<p>Im Folgenden finden Sie das Programm und das Anmeldeformular f\u00fcr den Franz\u00f6sischkurs im Sommersemester, welcher am 02. M\u00e4rz 2026 beginnt.<\/p>\n<p>Die Kinderkurse beginnen am Montag 02.M\u00e4rz 2026 fran\u00e7ais langue maternelle und Dienstag 03.M\u00e4rz fran\u00e7ais pr\u00e9coce.<\/p>\n<p>&nbsp;<\/p>\n<p>&nbsp;<\/p>\n<hr>\n<p style=\"text-align: center;\"><a href=\"http:\/\/franco-tyrolien.at\/wordpress\/wp-content\/uploads\/2026\/02\/Sprachwelten-Programm-Sommersemester-26.-docx.pdf\">Sprachwelten Programm Sommersemester 26. docx<\/a><\/p>\n<p style=\"text-align: center;\"><a href=\"http:\/\/franco-tyrolien.at\/wordpress\/wp-content\/uploads\/2026\/03\/Anmeldeformular-Sommer-Semester-2026-Sprachwelten-.pdf\">Anmeldeformular Sommer Semester-2026 Sprachwelten<\/a><\/p>\n<hr>\n<p style=\"text-align: center;\">&nbsp;<\/p>\n<p>Wir freuen uns auf &nbsp;Ihr Kommen !<\/p>\n<p>Kontaktperson:<\/p>\n<p style=\"text-align: justify;\">Mag.B\u00e9atrice Gaigg<br>Sprachwelten<br>Leitung<br><a href=\"mailto:kurse.gaigg@gmx.at\" target=\"_blank\" rel=\"noopener\">kurse.gaigg@gmx.at<\/a><br>+43 660 204 1972<\/p>\n<p>Bankverbindung:<br>Hypo Tirol Bank<br>Name:&nbsp; Sprachwelten<br>IBAN : AT32 5700 0300 5341 1085<br>BIC : HYPTAT22<\/p>\n\n","protected":false},"excerpt":{"rendered":"<p>Willkommen bei&nbsp;&#8222;Sprachwelten&#8222;!&nbsp; Unsere Sprachschule arbeitet eng mit dem IFTI zusammen. Wir bieten Lernkurse in &#8222;Franz\u00f6sisch&#8220; an. Das Niveau der Kurse wird an die Bed\u00fcrfnisse der Teilnehmer\/innen angepasst. Dabei kann zwischen&nbsp;Einzel- [&hellip;]<\/p>\n","protected":false},"author":1,"featured_media":0,"parent":383,"menu_order":1,"comment_status":"closed","ping_status":"closed","template":"","meta":{"_bbp_topic_count":0,"_bbp_reply_count":0,"_bbp_total_topic_count":0,"_bbp_total_reply_count":0,"_bbp_voice_count":0,"_bbp_anonymous_reply_count":0,"_bbp_topic_count_hidden":0,"_bbp_reply_count_hidden":0,"_bbp_forum_subforum_count":0,"ngg_post_thumbnail":0,"footnotes":""},"class_list":["post-493","page","type-page","status-publish","hentry"],"_links":{"self":[{"href":"http:\/\/franco-tyrolien.at\/wordpress\/wp-json\/wp\/v2\/pages\/493"}],"collection":[{"href":"http:\/\/franco-tyrolien.at\/wordpress\/wp-json\/wp\/v2\/pages"}],"about":[{"href":"http:\/\/franco-tyrolien.at\/wordpress\/wp-json\/wp\/v2\/types\/page"}],"author":[{"embeddable":true,"href":"http:\/\/franco-tyrolien.at\/wordpress\/wp-json\/wp\/v2\/users\/1"}],"replies":[{"embeddable":true,"href":"http:\/\/franco-tyrolien.at\/wordpress\/wp-json\/wp\/v2\/comments?post=493"}],"version-history":[{"count":99,"href":"http:\/\/franco-tyrolien.at\/wordpress\/wp-json\/wp\/v2\/pages\/493\/revisions"}],"predecessor-version":[{"id":4491,"href":"http:\/\/franco-tyrolien.at\/wordpress\/wp-json\/wp\/v2\/pages\/493\/revisions\/4491"}],"up":[{"embeddable":true,"href":"http:\/\/franco-tyrolien.at\/wordpress\/wp-json\/wp\/v2\/pages\/383"}],"wp:attachment":[{"href":"http:\/\/franco-tyrolien.at\/wordpress\/wp-json\/wp\/v2\/media?parent=493"}],"curies":[{"name":"wp","href":"https:\/\/api.w.org\/{rel}","templated":true}]}}