{"id":1175,"date":"2017-09-05T18:22:41","date_gmt":"2017-09-05T16:22:41","guid":{"rendered":"http:\/\/franco-tyrolien.at\/wordpress\/?post_type=tribe_events&#038;p=1175"},"modified":"2017-09-05T18:24:39","modified_gmt":"2017-09-05T16:24:39","slug":"soiree-poeme-commentaire-jean-de-la-fontaine","status":"publish","type":"tribe_events","link":"http:\/\/franco-tyrolien.at\/wordpress\/event\/soiree-poeme-commentaire-jean-de-la-fontaine\/","title":{"rendered":"Soir\u00e9e po\u00e8me-commentaire : Jean de la Fontaine"},"content":{"rendered":"<p><strong>Jean de La Fontaine<\/strong><br \/>\nWer kennt ihn nicht, den Fabeldichter mit den humorigen Geschichten und bodenst\u00e4ndigen Weisheiten? Wer glaubt, ihn nicht zu kennen, hat schon die eine oder andere seiner Fabeln geh\u00f6rt oder gesehen, in den tausend m\u00f6glichen und unm\u00f6glichen Abwandlungen der Medien.<br \/>\n\u201eIch verwende Tiere, um Menschen zu unterrichten!\u201c sagte er einmal zum K\u00f6nig und seinen H\u00f6flingen. Uns Heutigen h\u00e4tte er auch noch einiges zu sagen .<\/p>\n<p>Vortragender: Daniel Dejean de la B\u00e2tie<\/p>\n<p>Wir bedanken uns f\u00fcr Ihre Freiwillige Spende \ud83d\ude42&nbsp;<\/p>\n<p>&nbsp;<\/p>\n<p><strong>Jean de La Fontaine<\/strong><br \/>\nQui ne conna\u00eet le fabuliste aux po\u00e8mes \u00e0 la fois \u00e9maill\u00e9s d\u2019humour et lourds de le\u00e7ons pour la vie&nbsp;? Qui croit ne pas le conna\u00eetre a d\u00e9j\u00e0 vu ou entendu l\u2019une ou l\u2019autre de ses fables, dans les mille versions possibles ou impossibles des m\u00e9dias.<br \/>\n\u00ab&nbsp;Je me sers d\u2019animaux pour instruire les hommes&nbsp;!&nbsp;\u00bb dit-il un jour au roi et \u00e0 ses courtisans. A nous autres aujourd\u2019hui, il aurait encore bien des choses \u00e0 dire.<br \/>\nLecture et commentaire&nbsp;: Daniel Dejean de la B\u00e2tie<\/p>\n<p>&nbsp;<\/p>\n","protected":false},"excerpt":{"rendered":"<p>Jean de La Fontaine Wer kennt ihn nicht, den Fabeldichter mit den humorigen Geschichten und bodenst\u00e4ndigen Weisheiten? Wer glaubt, ihn nicht zu kennen, hat schon die eine oder andere seiner [&hellip;]<\/p>\n","protected":false},"author":1,"featured_media":0,"template":"","meta":{"_bbp_topic_count":0,"_bbp_reply_count":0,"_bbp_total_topic_count":0,"_bbp_total_reply_count":0,"_bbp_voice_count":0,"_bbp_anonymous_reply_count":0,"_bbp_topic_count_hidden":0,"_bbp_reply_count_hidden":0,"_bbp_forum_subforum_count":0,"ngg_post_thumbnail":0,"_tribe_events_status":"","_tribe_events_status_reason":"","footnotes":""},"tags":[],"tribe_events_cat":[],"class_list":["post-1175","tribe_events","type-tribe_events","status-publish","hentry"],"_links":{"self":[{"href":"http:\/\/franco-tyrolien.at\/wordpress\/wp-json\/wp\/v2\/tribe_events\/1175"}],"collection":[{"href":"http:\/\/franco-tyrolien.at\/wordpress\/wp-json\/wp\/v2\/tribe_events"}],"about":[{"href":"http:\/\/franco-tyrolien.at\/wordpress\/wp-json\/wp\/v2\/types\/tribe_events"}],"author":[{"embeddable":true,"href":"http:\/\/franco-tyrolien.at\/wordpress\/wp-json\/wp\/v2\/users\/1"}],"version-history":[{"count":1,"href":"http:\/\/franco-tyrolien.at\/wordpress\/wp-json\/wp\/v2\/tribe_events\/1175\/revisions"}],"predecessor-version":[{"id":1176,"href":"http:\/\/franco-tyrolien.at\/wordpress\/wp-json\/wp\/v2\/tribe_events\/1175\/revisions\/1176"}],"wp:attachment":[{"href":"http:\/\/franco-tyrolien.at\/wordpress\/wp-json\/wp\/v2\/media?parent=1175"}],"wp:term":[{"taxonomy":"post_tag","embeddable":true,"href":"http:\/\/franco-tyrolien.at\/wordpress\/wp-json\/wp\/v2\/tags?post=1175"},{"taxonomy":"tribe_events_cat","embeddable":true,"href":"http:\/\/franco-tyrolien.at\/wordpress\/wp-json\/wp\/v2\/tribe_events_cat?post=1175"}],"curies":[{"name":"wp","href":"https:\/\/api.w.org\/{rel}","templated":true}]}}