{"id":1199,"date":"2017-10-12T17:36:18","date_gmt":"2017-10-12T15:36:18","guid":{"rendered":"http:\/\/franco-tyrolien.at\/wordpress\/?post_type=tribe_events&#038;p=1199"},"modified":"2017-10-16T17:01:44","modified_gmt":"2017-10-16T15:01:44","slug":"lecture-et-commentaire-de-poeme-arthur-rimbaud","status":"publish","type":"tribe_events","link":"http:\/\/franco-tyrolien.at\/wordpress\/event\/lecture-et-commentaire-de-poeme-arthur-rimbaud\/","title":{"rendered":"soir\u00e9e po\u00e8me-commentaire : Arthur Rimbaud"},"content":{"rendered":"<p>Arthur der Rebel<br \/>\nArthur Rimbaud war jenes fr\u00fchreife Genie, das sich von der Enge des provinziellen Familienlebens befreite, sich abseits des B\u00fcrgertums seiner Zeit positionierte und seine poetische Reife vor der Vollj\u00e4hrigkeit erreichte. Die Aufgabe einer vielversprechenden Laufbahn f\u00fcr ein langes Umherirren hat wider Erwarten seinem Werk um so mehr Glanz verliehen.<br \/>\nVortragender: Daniel Dejean de la B\u00e2tie<\/p>\n<p>Wir bedanken uns f\u00fcr Ihre Freiwillige Spende \ud83d\ude42 und&nbsp;wir&nbsp;freuen uns auf Ihr Kommen \ud83d\ude42&nbsp;<\/p>\n<p><em>Arthur le rebelle<\/em><\/p>\n<p><em> Arthur Rimbaud a \u00e9t\u00e9 ce g\u00e9nie pr\u00e9coce qui s\u2019est lib\u00e9r\u00e9 du carcan de la vie familiale et provinciale, s\u2019est positionn\u00e9 en marge de la soci\u00e9t\u00e9 bourgeoise de son temps et a atteint sa maturit\u00e9 po\u00e9tique avant sa maturit\u00e9 l\u00e9gale. Contre toute attente, l\u2019abandon d\u2019une carri\u00e8re litt\u00e9raire prometteuse pour une vie d\u2019errance n\u2019a fait que rehausser l\u2019\u00e9clat de son \u0153uvre.<br \/>\nLecture et commentaire&nbsp;: Daniel Dejean de la B\u00e2tie<\/em><\/p>\n<p>&nbsp;<\/p>\n<p>&nbsp;<\/p>\n<p>&nbsp;<\/p>\n<p>&nbsp;<\/p>\n","protected":false},"excerpt":{"rendered":"<p>Arthur der Rebel Arthur Rimbaud war jenes fr\u00fchreife Genie, das sich von der Enge des provinziellen Familienlebens befreite, sich abseits des B\u00fcrgertums seiner Zeit positionierte und seine poetische Reife vor [&hellip;]<\/p>\n","protected":false},"author":1,"featured_media":0,"template":"","meta":{"_bbp_topic_count":0,"_bbp_reply_count":0,"_bbp_total_topic_count":0,"_bbp_total_reply_count":0,"_bbp_voice_count":0,"_bbp_anonymous_reply_count":0,"_bbp_topic_count_hidden":0,"_bbp_reply_count_hidden":0,"_bbp_forum_subforum_count":0,"ngg_post_thumbnail":0,"_tribe_events_status":"","_tribe_events_status_reason":"","footnotes":""},"tags":[],"tribe_events_cat":[],"class_list":["post-1199","tribe_events","type-tribe_events","status-publish","hentry"],"_links":{"self":[{"href":"http:\/\/franco-tyrolien.at\/wordpress\/wp-json\/wp\/v2\/tribe_events\/1199"}],"collection":[{"href":"http:\/\/franco-tyrolien.at\/wordpress\/wp-json\/wp\/v2\/tribe_events"}],"about":[{"href":"http:\/\/franco-tyrolien.at\/wordpress\/wp-json\/wp\/v2\/types\/tribe_events"}],"author":[{"embeddable":true,"href":"http:\/\/franco-tyrolien.at\/wordpress\/wp-json\/wp\/v2\/users\/1"}],"version-history":[{"count":4,"href":"http:\/\/franco-tyrolien.at\/wordpress\/wp-json\/wp\/v2\/tribe_events\/1199\/revisions"}],"predecessor-version":[{"id":1205,"href":"http:\/\/franco-tyrolien.at\/wordpress\/wp-json\/wp\/v2\/tribe_events\/1199\/revisions\/1205"}],"wp:attachment":[{"href":"http:\/\/franco-tyrolien.at\/wordpress\/wp-json\/wp\/v2\/media?parent=1199"}],"wp:term":[{"taxonomy":"post_tag","embeddable":true,"href":"http:\/\/franco-tyrolien.at\/wordpress\/wp-json\/wp\/v2\/tags?post=1199"},{"taxonomy":"tribe_events_cat","embeddable":true,"href":"http:\/\/franco-tyrolien.at\/wordpress\/wp-json\/wp\/v2\/tribe_events_cat?post=1199"}],"curies":[{"name":"wp","href":"https:\/\/api.w.org\/{rel}","templated":true}]}}