{"id":454,"date":"2015-08-23T17:33:45","date_gmt":"2015-08-23T15:33:45","guid":{"rendered":"http:\/\/franco-tyrolien.at\/wordpress\/?post_type=tribe_events&#038;p=454"},"modified":"2015-11-21T15:33:54","modified_gmt":"2015-11-21T14:33:54","slug":"changement-climatique","status":"publish","type":"tribe_events","link":"http:\/\/franco-tyrolien.at\/wordpress\/event\/changement-climatique\/","title":{"rendered":"Diskussionsabend &#8222;Klimawandel&#8220; \/Discussion &#8222;Le changement climatique&#8220; ABGESAGT!"},"content":{"rendered":"<p>Am 23. November, um 17h00, laden die Pr\u00e4sidenten des Nationalrates und Bundesrates zu einer Gedenkveranstaltung anl\u00e4sslich der pariser Attentate im Parlament,<span lang=\"FR\"> in Anwesenheit\u00a0 des Herrn Bundespr\u00e4sidenten und der Bundesregierung, ein.<br \/>\nDer\u00a0 franz\u00f6sische Bootschafter ist verplichtet, an dieser Hommage teilzunehmen.<br \/>\nDaher muss ich unsere Veranstaltung in Innsbruck absagen.<\/p>\n<p>Ich danke f\u00fcr Ihr Verst\u00e4ndnis.<br \/>\n<\/span><\/p>\n<p>&nbsp;<\/p>\n<p>In Kooperation mit dem Institut fran\u00e7ais d\u2018Autriche und die \u00a0veranstalten\u00a0\u00a0wir zwei\u00a0Podiumsdiskussionen zum Thema \u201eKlimawandel\u201c in Innsbruck, bei der Herr Andr\u00e4 Rupprechter, \u00f6sterreichischer Umweltminister und Herr Pascal Teixeira da Silva, franz\u00f6sischer Botschafter in \u00d6sterreich, teilnehmen werden.<\/p>\n<p>Diese finden im Vorfeld der UN-Klimakonferenz in Paris (30.11.- 11.12.2015) statt. Geplant sind ein Tagestermin f\u00fcr Sch\u00fcler und ein Abendtermin f\u00fcr Mitglieder des Vereins.<\/p>\n<p><span style=\"color: black; font-size: 14px;\"><span style=\"color: black;\">Wir m\u00f6chten \u00a0ein Buffet organisieren und Euch fragen, wer etwas<br \/>\nmitbringen k\u00f6nnte.<br \/>\n<\/span><\/span><span style=\"font-family: arial, helvetica, sans-serif; font-size: 14px;\">Vielen Dank im Voraus all jenen die mitmachen,<\/span><\/p>\n<p>Wir ersuchen \u00a0aus organisatorischen Gr\u00fcnden um Voranmeldung.<\/p>\n<p>Eintritt: 5\u20ac<br \/>\nfreiwillige Spende f\u00fcr die Mitglieder des IFTI<\/p>\n<p>Wir freuen uns auf Ihr Kommen!<\/p>\n<p>&nbsp;<\/p>\n<p><span style=\"color: #666699;\"><em>En coop\u00e9ration avec l&#8217;Institut Fran\u00e7ais de Vienne, nous aurons le plaisir de recevoir\u00a0\u00e0 Innsbruck Mr. Rupprechter, Ministre autrichien de l&#8217;Environnement et Mr. Pascal Teixeira da Silva, Ambassadeur de France en Autriche, pour un d\u00e9bat sur le th\u00e8me du &#8222;Changement climatique&#8220;.<\/em><\/span><\/p>\n<p><span style=\"color: #666699;\"><em>Cet \u00e9v\u00e8nement s&#8217;inscrit dans un ensemble d&#8217;actions en vue du <span class=\"st\">COP21 \/ CMP11, Conf\u00e9rence des Nations unies sur les changements climatiques \u00e0 Paris du 30 novembre au 11 d\u00e9cembre 2015<\/span>.<\/em><\/span><\/p>\n<p><span style=\"color: #666699;\"><em>Deux rencontres sont organis\u00e9es : une dans la journ\u00e9e pour les lyc\u00e9ens et une autre dans la soir\u00e9e pour les membres de l&#8217;association.<\/em><\/span><\/p>\n<p><span style=\"color: #666699;\"><em>Nous nous r\u00e9jouissons de votre venue !<\/em><\/span><\/p>\n<hr \/>\n<p style=\"text-align: center;\"><a href=\"http:\/\/www.cop21.gouv.fr\/fr\">cop 21<\/a><\/p>\n<hr \/>\n<p>&nbsp;<\/p>\n<p>&nbsp;<\/p>\n","protected":false},"excerpt":{"rendered":"<p>Am 23. November, um 17h00, laden die Pr\u00e4sidenten des Nationalrates und Bundesrates zu einer Gedenkveranstaltung anl\u00e4sslich der pariser Attentate im Parlament, in Anwesenheit\u00a0 des Herrn Bundespr\u00e4sidenten und der Bundesregierung, ein. [&hellip;]<\/p>\n","protected":false},"author":1,"featured_media":0,"template":"","meta":{"_bbp_topic_count":0,"_bbp_reply_count":0,"_bbp_total_topic_count":0,"_bbp_total_reply_count":0,"_bbp_voice_count":0,"_bbp_anonymous_reply_count":0,"_bbp_topic_count_hidden":0,"_bbp_reply_count_hidden":0,"_bbp_forum_subforum_count":0,"ngg_post_thumbnail":0,"_tribe_events_status":"","_tribe_events_status_reason":"","footnotes":""},"tags":[],"tribe_events_cat":[],"class_list":["post-454","tribe_events","type-tribe_events","status-publish","hentry"],"_links":{"self":[{"href":"http:\/\/franco-tyrolien.at\/wordpress\/wp-json\/wp\/v2\/tribe_events\/454"}],"collection":[{"href":"http:\/\/franco-tyrolien.at\/wordpress\/wp-json\/wp\/v2\/tribe_events"}],"about":[{"href":"http:\/\/franco-tyrolien.at\/wordpress\/wp-json\/wp\/v2\/types\/tribe_events"}],"author":[{"embeddable":true,"href":"http:\/\/franco-tyrolien.at\/wordpress\/wp-json\/wp\/v2\/users\/1"}],"version-history":[{"count":1,"href":"http:\/\/franco-tyrolien.at\/wordpress\/wp-json\/wp\/v2\/tribe_events\/454\/revisions"}],"predecessor-version":[{"id":470,"href":"http:\/\/franco-tyrolien.at\/wordpress\/wp-json\/wp\/v2\/tribe_events\/454\/revisions\/470"}],"wp:attachment":[{"href":"http:\/\/franco-tyrolien.at\/wordpress\/wp-json\/wp\/v2\/media?parent=454"}],"wp:term":[{"taxonomy":"post_tag","embeddable":true,"href":"http:\/\/franco-tyrolien.at\/wordpress\/wp-json\/wp\/v2\/tags?post=454"},{"taxonomy":"tribe_events_cat","embeddable":true,"href":"http:\/\/franco-tyrolien.at\/wordpress\/wp-json\/wp\/v2\/tribe_events_cat?post=454"}],"curies":[{"name":"wp","href":"https:\/\/api.w.org\/{rel}","templated":true}]}}