{"id":461,"date":"2015-08-23T19:45:55","date_gmt":"2015-08-23T17:45:55","guid":{"rendered":"http:\/\/franco-tyrolien.at\/wordpress\/?post_type=tribe_events&#038;p=461"},"modified":"2015-09-27T22:11:51","modified_gmt":"2015-09-27T20:11:51","slug":"excursion-avent","status":"publish","type":"tribe_events","link":"http:\/\/franco-tyrolien.at\/wordpress\/event\/excursion-avent\/","title":{"rendered":"Christkindlmarkt \/ Excursion et March\u00e9 de No\u00ebl"},"content":{"rendered":"<p>Wir machen einen Ausflug nach Meran, Nach einer\u00a0F\u00fchrung durch die Stadt besuchen wir den\u00a0Christkindlmarkt..<\/p>\n<p>F\u00fcr Mitglierder.<\/p>\n<p>Anmeldung bis 10. November.<\/p>\n<p>Detaillierte\u00a0Informationen werden sp\u00e4ter bekannt gegeben.<\/p>\n<p>Wir freuen uns auf Ihr Kommen!<\/p>\n<p>&nbsp;<\/p>\n<p><span style=\"color: #666699;\"><em>Nous faisons une excursion \u00e0 Meran. Apr\u00e8s une visite de la ville \u00a0avec une guide, nous irons faire un tour au\u00a0\u00a0march\u00e9 de Noel.<\/em><\/span><\/p>\n<p><span style=\"color: #666699;\"><em>r\u00e9serv\u00e9 aux adh\u00e9rents.<\/em><\/span><\/p>\n<p><span style=\"color: #666699;\"><em>Inscription jusqu&#8217;au 10 novembre.<\/em><\/span><\/p>\n<p><span style=\"color: #666699;\"><em>Nous nous r\u00e9jouissons de votre venue !<\/em><\/span><\/p>\n","protected":false},"excerpt":{"rendered":"<p>Wir machen einen Ausflug nach Meran, Nach einer\u00a0F\u00fchrung durch die Stadt besuchen wir den\u00a0Christkindlmarkt.. F\u00fcr Mitglierder. Anmeldung bis 10. November. Detaillierte\u00a0Informationen werden sp\u00e4ter bekannt gegeben. Wir freuen uns auf Ihr [&hellip;]<\/p>\n","protected":false},"author":1,"featured_media":0,"template":"","meta":{"_bbp_topic_count":0,"_bbp_reply_count":0,"_bbp_total_topic_count":0,"_bbp_total_reply_count":0,"_bbp_voice_count":0,"_bbp_anonymous_reply_count":0,"_bbp_topic_count_hidden":0,"_bbp_reply_count_hidden":0,"_bbp_forum_subforum_count":0,"ngg_post_thumbnail":0,"_tribe_events_status":"","_tribe_events_status_reason":"","footnotes":""},"tags":[],"tribe_events_cat":[],"class_list":["post-461","tribe_events","type-tribe_events","status-publish","hentry"],"_links":{"self":[{"href":"http:\/\/franco-tyrolien.at\/wordpress\/wp-json\/wp\/v2\/tribe_events\/461"}],"collection":[{"href":"http:\/\/franco-tyrolien.at\/wordpress\/wp-json\/wp\/v2\/tribe_events"}],"about":[{"href":"http:\/\/franco-tyrolien.at\/wordpress\/wp-json\/wp\/v2\/types\/tribe_events"}],"author":[{"embeddable":true,"href":"http:\/\/franco-tyrolien.at\/wordpress\/wp-json\/wp\/v2\/users\/1"}],"version-history":[{"count":1,"href":"http:\/\/franco-tyrolien.at\/wordpress\/wp-json\/wp\/v2\/tribe_events\/461\/revisions"}],"predecessor-version":[{"id":678,"href":"http:\/\/franco-tyrolien.at\/wordpress\/wp-json\/wp\/v2\/tribe_events\/461\/revisions\/678"}],"wp:attachment":[{"href":"http:\/\/franco-tyrolien.at\/wordpress\/wp-json\/wp\/v2\/media?parent=461"}],"wp:term":[{"taxonomy":"post_tag","embeddable":true,"href":"http:\/\/franco-tyrolien.at\/wordpress\/wp-json\/wp\/v2\/tags?post=461"},{"taxonomy":"tribe_events_cat","embeddable":true,"href":"http:\/\/franco-tyrolien.at\/wordpress\/wp-json\/wp\/v2\/tribe_events_cat?post=461"}],"curies":[{"name":"wp","href":"https:\/\/api.w.org\/{rel}","templated":true}]}}