{"id":878,"date":"2016-01-27T15:19:22","date_gmt":"2016-01-27T14:19:22","guid":{"rendered":"http:\/\/franco-tyrolien.at\/wordpress\/?post_type=tribe_events&#038;p=878"},"modified":"2016-02-11T23:19:28","modified_gmt":"2016-02-11T22:19:28","slug":"cinefete-von-15-19-februar-im-leo-kino","status":"publish","type":"tribe_events","link":"http:\/\/franco-tyrolien.at\/wordpress\/event\/cinefete-von-15-19-februar-im-leo-kino\/","title":{"rendered":"Cin\u00e9f\u00eate  vom 15. &#8211; 19. Februar im LeoKino. Eine Premiere in Innsbruck!"},"content":{"rendered":"<p>&#8222;Cin\u00e9f\u00eate ist ein Programm zum Festival des frankophonen Films, das in Partnerschaft zwischen dem Institut Fran\u00e7ais Autriche\u00a0und dem Filmverleih Filmladen, entstanden ist und auf ein Publikum von Gymnasiasten abzielt.<\/p>\n<p>Alle Filme sind auf Franz\u00f6sisch mit deutschen Untertiteln.<\/p>\n<p>Bitte Eure Reservierung ab sofort beim Leokino per e-mail an<br \/>\noffice@leokino.at \u00a0oder bei mir vornehmen. \u00a0Die Anmeldungen werden dann best\u00e4tigt.<\/p>\n<p>Normale Kinog\u00e4nger erhalten auch die Erm\u00e4\u00dfigung auf \u20ac5,-<\/p>\n<p>Eventuelle zus\u00e4tzliche Abendvorstellungen k\u00f6nnen erst am 7.2. geplant werden. Bitte melden welche Filme f\u00fcr Euch in Frage k\u00e4men und um Anmeldung per mail.<\/p>\n<p style=\"text-align: center;\">Programm :\u00a0<a href=\"http:\/\/franco-tyrolien.at\/wordpress\/wp-content\/uploads\/2016\/01\/cinefete2016_innsbruck.pdf\">cin\u00e9f\u00eate 2016_innsbruck<\/a><\/p>\n<p style=\"text-align: justify;\">Vorschau:<\/p>\n<pre><span style=\"font-size: 12px; font-family: arial, helvetica, sans-serif;\"><big><b>Les Combattants<\/b><\/big>: \r\n<iframe loading=\"lazy\" title=\"LES COMBATTANTS (Official Trailer) german deutsch untertitel\" width=\"500\" height=\"281\" src=\"https:\/\/www.youtube.com\/embed\/DcBP8As3KSo?feature=oembed\" frameborder=\"0\" allow=\"accelerometer; autoplay; clipboard-write; encrypted-media; gyroscope; picture-in-picture; web-share\" referrerpolicy=\"strict-origin-when-cross-origin\" allowfullscreen><\/iframe>\r\nMontag, 15\/2 um 12 h \r\nDienstag, 16\/2 um 12 h \r\nDonnerstag, 18\/2 um 12h und um 14h30\r\n<b>\r\n<\/b><\/span><span style=\"font-family: arial, helvetica, sans-serif;\"><strong>Les vacances du petit Nicolas\r\n<\/strong><a href=\"https:\/\/www.youtube.com\/watch?v=cIN3YpuWvoo\" target=\"_blank\">les vacances du petit Nicolas<\/a><\/span><span style=\"font-size: 12px; font-family: arial, helvetica, sans-serif;\">\r\nDienstag, 16\/2 um 14 h30 \r\nDonnerstag, 18\/2 um 14h30 \r\nFreitag, 19\/2 um 12h\r\n\r\n<big><b>Supercondriaque<\/b><\/big> \r\n<iframe loading=\"lazy\" title=\"AFFFF2015 - SUPERCONDRIAC TRAILER\" width=\"500\" height=\"281\" src=\"https:\/\/www.youtube.com\/embed\/3DiOolkMdCY?feature=oembed\" frameborder=\"0\" allow=\"accelerometer; autoplay; clipboard-write; encrypted-media; gyroscope; picture-in-picture; web-share\" referrerpolicy=\"strict-origin-when-cross-origin\" allowfullscreen><\/iframe>\r\nDienstag, 16\/2 um 12 h \r\nMittwoch 17\/2 um 12h\r\n\r\n<big><b>Les Souvenirs<\/b><\/big> \r\n<a href=\"http:\/\/www.cineman.ch\/movie\/2014\/LesSouvenirs\/\" target=\"_blank\">Les Souvenirs <\/a>\r\nMontag, 15\/2 um 14 h30 \r\nDonnerstag, 18\/2 um 12h \r\nFreitag, 19\/2 um 12h<\/span><\/pre>\n<p>Jedes Jahr seit 2006 werden eine Woche lang 5 Filme vorgestellt, denen p\u00e4dagogische Informationen (thematische Analysen, historische und kulturelle Referenzen, gezielte Filmausschnitte und p\u00e4dagogische Aktivit\u00e4ten) beigef\u00fcgt werden, die auch gratis auf <a class=\"jcepopup autopopup-single\" href=\"http:\/\/www.kinomachtschule.at\/\" target=\"_blank\" rel=\"width[1200];height[800]\" type=\"text\/html\">www.kinomachtschule.at<\/a> ersichtlich sein k\u00f6nnen. Die Sch\u00fcler profitieren vom beg\u00fcnstigten Eintrittspreis von 5 Euro.<\/p>\n<p>Das Ziel dieses erfolgreichen Festivals ist es, die Jugend f\u00fcr vor kurzem ausgestrahlte franz\u00f6sische Filme zu sensibilisieren, und um es wie es einmal ein teilnehmender Sch\u00fcler formuliert hat, auszudr\u00fccken: \u201eDas ist franz\u00f6sisch mal anders&#8230;\u201c<\/p>\n<p>2015 haben 4 St\u00e4dte in \u00d6sterreich an diesem Festival teilgenommen: Wien (Votiv Kino), Salzburg (Das Kino), Linz (Movimiento und City Kino), ), Graz (KIZ Royal Kino).&#8220;<br \/>\nhttp:\/\/institut-francais.at\/vienne\/de\/bildungskooperation\/cinefete\/praesentation-und-anmeldung.html<\/p>\n<p>Dieses Jahr \u00a0ist Innsbruck dabei (Leo Kino). \u00a0Danke Irmi und Barbara !<\/p>\n<p>&nbsp;<\/p>\n<p>&nbsp;<\/p>\n","protected":false},"excerpt":{"rendered":"<p>&#8222;Cin\u00e9f\u00eate ist ein Programm zum Festival des frankophonen Films, das in Partnerschaft zwischen dem Institut Fran\u00e7ais Autriche\u00a0und dem Filmverleih Filmladen, entstanden ist und auf ein Publikum von Gymnasiasten abzielt. Alle [&hellip;]<\/p>\n","protected":false},"author":1,"featured_media":0,"template":"","meta":{"_bbp_topic_count":0,"_bbp_reply_count":0,"_bbp_total_topic_count":0,"_bbp_total_reply_count":0,"_bbp_voice_count":0,"_bbp_anonymous_reply_count":0,"_bbp_topic_count_hidden":0,"_bbp_reply_count_hidden":0,"_bbp_forum_subforum_count":0,"ngg_post_thumbnail":0,"_tribe_events_status":"","_tribe_events_status_reason":"","footnotes":""},"tags":[],"tribe_events_cat":[],"class_list":["post-878","tribe_events","type-tribe_events","status-publish","hentry"],"_links":{"self":[{"href":"http:\/\/franco-tyrolien.at\/wordpress\/wp-json\/wp\/v2\/tribe_events\/878"}],"collection":[{"href":"http:\/\/franco-tyrolien.at\/wordpress\/wp-json\/wp\/v2\/tribe_events"}],"about":[{"href":"http:\/\/franco-tyrolien.at\/wordpress\/wp-json\/wp\/v2\/types\/tribe_events"}],"author":[{"embeddable":true,"href":"http:\/\/franco-tyrolien.at\/wordpress\/wp-json\/wp\/v2\/users\/1"}],"version-history":[{"count":1,"href":"http:\/\/franco-tyrolien.at\/wordpress\/wp-json\/wp\/v2\/tribe_events\/878\/revisions"}],"predecessor-version":[{"id":879,"href":"http:\/\/franco-tyrolien.at\/wordpress\/wp-json\/wp\/v2\/tribe_events\/878\/revisions\/879"}],"wp:attachment":[{"href":"http:\/\/franco-tyrolien.at\/wordpress\/wp-json\/wp\/v2\/media?parent=878"}],"wp:term":[{"taxonomy":"post_tag","embeddable":true,"href":"http:\/\/franco-tyrolien.at\/wordpress\/wp-json\/wp\/v2\/tags?post=878"},{"taxonomy":"tribe_events_cat","embeddable":true,"href":"http:\/\/franco-tyrolien.at\/wordpress\/wp-json\/wp\/v2\/tribe_events_cat?post=878"}],"curies":[{"name":"wp","href":"https:\/\/api.w.org\/{rel}","templated":true}]}}