{"id":913,"date":"2016-03-04T23:48:08","date_gmt":"2016-03-04T22:48:08","guid":{"rendered":"http:\/\/franco-tyrolien.at\/wordpress\/?post_type=tribe_events&#038;p=913"},"modified":"2016-03-04T23:48:08","modified_gmt":"2016-03-04T22:48:08","slug":"tag-der-frankophonie-2016","status":"publish","type":"tribe_events","link":"http:\/\/franco-tyrolien.at\/wordpress\/event\/tag-der-frankophonie-2016\/","title":{"rendered":"Tag der Frankophonie 2016"},"content":{"rendered":"<pre>Sehr geehrte Damen und Herren, liebe Kolleginnen und Kollegen!\r\n\r\nDer Frankreich-Schwerpunkt l\u00e4dt Sie am 10. M\u00e4rz 2016, 18:30 (Claudiasaal, 2. Stock) recht herzlich zu unserem Tag der Frankophonie 2016 ein.\r\n\r\n\r\n\u201eBegegnung mit frankophonen Fl\u00fcchtlingen\u201c\r\n(in franz\u00f6sischer Sprache)\r\n\r\n\r\nIn diesem Jahr erz\u00e4hlen franz\u00f6sischsprachige Fl\u00fcchtlinge von ihrer Reise ins Ungewisse und lassen uns an ihren Erfahrungen teilhaben.\r\n\r\n\r\nWir freuen uns auf Ihr Kommen!\r\n\r\nMit freundlichen Gr\u00fc\u00dfen,\r\n\r\n-----------------------------------------\r\n\r\nMesdames, Messieurs,\r\n\r\nLe P\u00f4le d\u2018\u00e9tudes fran\u00e7aises de l\u2019Universit\u00e9 d\u2019Innsbruck vous invite chaleureusement le 10 mars 2016, 18h30 (Claudiasaal, 2e \u00e9tage) \u00e0 la Journ\u00e9e de la Francophonie 2016 :\r\n\r\n\r\n\u00ab Rencontre avec des r\u00e9fugi\u00e9s francophones \u00bb\r\n(en langue fran\u00e7aise)\r\n\r\nCette ann\u00e9e, des r\u00e9fugi\u00e9s francophones viendront parler de leur voyage vers l\u2019inconnu et nous feront partager leurs exp\u00e9riences.\r\n\r\nVenez nombreux !\r\n\r\nBien cordialement,\r\n\r\n\r\nUniv.-Prof. Dr. Eva Lavric\r\nMMag. Romana Kaier\r\nMag. Ludovic Milot\r\n\r\n\r\nInterdisziplin\u00e4rer Frankreich-Schwerpunkt\r\nder Universit\u00e4t Innsbruck\r\nP\u00f4le interdisciplinaire d\u2019\u00e9tudes fran\u00e7aises\r\nde l\u2019Universit\u00e9 d\u2019Innsbruck\r\n\r\nHerzog-Friedrich-Stra\u00dfe 3\r\nA - 6020 Innsbruck\r\n0043 \/ (0)512 \/ 507 \u2013 39101, 39102\r\n<a class=\"moz-txt-link-abbreviated\" href=\"http:\/\/www.uibk.ac.at\/frankreichschwerpunkt\">www.uibk.ac.at\/frankreichschwerpunkt<\/a><a class=\"moz-txt-link-rfc2396E\" href=\"http:\/\/www.uibk.ac.at\/frankreichschwerpunkt\">&lt;http:\/\/www.uibk.ac.at\/frankreichschwerpunkt&gt;<\/a>\r\n\r\n\r\n\r\n\r\n\r\n\r\n<\/pre>\n","protected":false},"excerpt":{"rendered":"<p>Sehr geehrte Damen und Herren, liebe Kolleginnen und Kollegen! Der Frankreich-Schwerpunkt l\u00e4dt Sie am 10. M\u00e4rz 2016, 18:30 (Claudiasaal, 2. Stock) recht herzlich zu unserem Tag der Frankophonie 2016 ein. [&hellip;]<\/p>\n","protected":false},"author":1,"featured_media":0,"template":"","meta":{"_bbp_topic_count":0,"_bbp_reply_count":0,"_bbp_total_topic_count":0,"_bbp_total_reply_count":0,"_bbp_voice_count":0,"_bbp_anonymous_reply_count":0,"_bbp_topic_count_hidden":0,"_bbp_reply_count_hidden":0,"_bbp_forum_subforum_count":0,"ngg_post_thumbnail":0,"_tribe_events_status":"","_tribe_events_status_reason":"","footnotes":""},"tags":[],"tribe_events_cat":[],"class_list":["post-913","tribe_events","type-tribe_events","status-publish","hentry"],"_links":{"self":[{"href":"http:\/\/franco-tyrolien.at\/wordpress\/wp-json\/wp\/v2\/tribe_events\/913"}],"collection":[{"href":"http:\/\/franco-tyrolien.at\/wordpress\/wp-json\/wp\/v2\/tribe_events"}],"about":[{"href":"http:\/\/franco-tyrolien.at\/wordpress\/wp-json\/wp\/v2\/types\/tribe_events"}],"author":[{"embeddable":true,"href":"http:\/\/franco-tyrolien.at\/wordpress\/wp-json\/wp\/v2\/users\/1"}],"version-history":[{"count":0,"href":"http:\/\/franco-tyrolien.at\/wordpress\/wp-json\/wp\/v2\/tribe_events\/913\/revisions"}],"wp:attachment":[{"href":"http:\/\/franco-tyrolien.at\/wordpress\/wp-json\/wp\/v2\/media?parent=913"}],"wp:term":[{"taxonomy":"post_tag","embeddable":true,"href":"http:\/\/franco-tyrolien.at\/wordpress\/wp-json\/wp\/v2\/tags?post=913"},{"taxonomy":"tribe_events_cat","embeddable":true,"href":"http:\/\/franco-tyrolien.at\/wordpress\/wp-json\/wp\/v2\/tribe_events_cat?post=913"}],"curies":[{"name":"wp","href":"https:\/\/api.w.org\/{rel}","templated":true}]}}