{"id":928,"date":"2016-03-09T23:51:14","date_gmt":"2016-03-09T22:51:14","guid":{"rendered":"http:\/\/franco-tyrolien.at\/wordpress\/?post_type=tribe_events&#038;p=928"},"modified":"2016-03-22T15:01:08","modified_gmt":"2016-03-22T14:01:08","slug":"928","status":"publish","type":"tribe_events","link":"http:\/\/franco-tyrolien.at\/wordpress\/event\/928\/","title":{"rendered":"Vortrag : Vin antique et moderne dans&#8220; DE partibus aedium &#8222;de Grapaldo"},"content":{"rendered":"<p><span style=\"font-size: 20px;\">Das \u00a0Ludwig Bolzmann Institut neulateinische Studien l\u00e4dt Jean-Louis Charlet<\/span> Professeur de litt\u00e9rature latine tardive, m\u00e9di\u00e9vale et humaniste \u00e0 l\u2019universit\u00e9 d\u2019Aix-Marseille<\/p>\n<p style=\"text-align: center;\"><span style=\"text-decoration: underline;\">Vortrag<\/span> :<span style=\"font-size: 20px;\"> <strong>Vin antique et vin moderne dans le De partibus aedium de Francesco Mario Grapaldo<\/strong><\/span><\/p>\n<p><span style=\"text-decoration: underline;\">Wann<\/span> : Mittwoch, den \u00a023. M\u00e4rz 2016 um 18.00 Uhr<\/p>\n<p><span style=\"text-decoration: underline;\">Wo<\/span> : Atrium, SR5<\/p>\n<p>Jean-Louis Charlet avait l\u2019occasion de faire red\u00e9couvrir le lexicographe encyclop\u00e9diste de Parme, mort en 1515, Francesco Mario Grapaldo, en \u00e9tudiant certains chapitres de son \u0153uvre majeure, le De partibus aedium (quatre \u00e9ditions successives \u00e0 Parme de 1494 \u00e0 1516; quelques autres \u00e9ditions en Italie et en Europe), en particulier celui sur le livre, le papier, la biblioth\u00e8que et l\u2019imprimerie. Au LBI, il \u00e9tudiera le chapitre 1,3 (Apotheca) et une partie du chapitre 2,3 (Coenaculum) consacr\u00e9s au vin: \u00e0 partir d\u2019un texte critique prenant en compte l\u2019\u00e9volution des quatre \u00e9ditions parmesanes et d\u2019une \u00e9lucidation des sources antiques (latines et grecques), mais aussi m\u00e9di\u00e9vales, il \u00e9tudiera le dialogue que Grapaldo instaure entre les r\u00e9alit\u00e9s antiques et les r\u00e9alit\u00e9s italiennes de son \u00e9poque<\/p>\n<hr \/>\n<p style=\"text-align: center;\"><a href=\"http:\/\/franco-tyrolien.at\/wordpress\/wp-content\/uploads\/2016\/03\/Vortragseinladung-Charlet.pdf\">Vortragseinladung Charlet<\/a><\/p>\n<hr \/>\n<p>&nbsp;<\/p>\n","protected":false},"excerpt":{"rendered":"<p>Das \u00a0Ludwig Bolzmann Institut neulateinische Studien l\u00e4dt Jean-Louis Charlet Professeur de litt\u00e9rature latine tardive, m\u00e9di\u00e9vale et humaniste \u00e0 l\u2019universit\u00e9 d\u2019Aix-Marseille Vortrag : Vin antique et vin moderne dans le De [&hellip;]<\/p>\n","protected":false},"author":1,"featured_media":0,"template":"","meta":{"_bbp_topic_count":0,"_bbp_reply_count":0,"_bbp_total_topic_count":0,"_bbp_total_reply_count":0,"_bbp_voice_count":0,"_bbp_anonymous_reply_count":0,"_bbp_topic_count_hidden":0,"_bbp_reply_count_hidden":0,"_bbp_forum_subforum_count":0,"ngg_post_thumbnail":0,"_tribe_events_status":"","_tribe_events_status_reason":"","footnotes":""},"tags":[],"tribe_events_cat":[],"class_list":["post-928","tribe_events","type-tribe_events","status-publish","hentry"],"_links":{"self":[{"href":"http:\/\/franco-tyrolien.at\/wordpress\/wp-json\/wp\/v2\/tribe_events\/928"}],"collection":[{"href":"http:\/\/franco-tyrolien.at\/wordpress\/wp-json\/wp\/v2\/tribe_events"}],"about":[{"href":"http:\/\/franco-tyrolien.at\/wordpress\/wp-json\/wp\/v2\/types\/tribe_events"}],"author":[{"embeddable":true,"href":"http:\/\/franco-tyrolien.at\/wordpress\/wp-json\/wp\/v2\/users\/1"}],"version-history":[{"count":1,"href":"http:\/\/franco-tyrolien.at\/wordpress\/wp-json\/wp\/v2\/tribe_events\/928\/revisions"}],"predecessor-version":[{"id":931,"href":"http:\/\/franco-tyrolien.at\/wordpress\/wp-json\/wp\/v2\/tribe_events\/928\/revisions\/931"}],"wp:attachment":[{"href":"http:\/\/franco-tyrolien.at\/wordpress\/wp-json\/wp\/v2\/media?parent=928"}],"wp:term":[{"taxonomy":"post_tag","embeddable":true,"href":"http:\/\/franco-tyrolien.at\/wordpress\/wp-json\/wp\/v2\/tags?post=928"},{"taxonomy":"tribe_events_cat","embeddable":true,"href":"http:\/\/franco-tyrolien.at\/wordpress\/wp-json\/wp\/v2\/tribe_events_cat?post=928"}],"curies":[{"name":"wp","href":"https:\/\/api.w.org\/{rel}","templated":true}]}}