{"id":969,"date":"2016-05-27T17:33:22","date_gmt":"2016-05-27T15:33:22","guid":{"rendered":"http:\/\/franco-tyrolien.at\/wordpress\/?post_type=tribe_events&#038;p=969"},"modified":"2016-05-27T17:33:22","modified_gmt":"2016-05-27T15:33:22","slug":"vernissage-andre-linder","status":"publish","type":"tribe_events","link":"http:\/\/franco-tyrolien.at\/wordpress\/event\/vernissage-andre-linder\/","title":{"rendered":"vernissage Andr\u00e9 Linder"},"content":{"rendered":"<div id=\"js_3\" class=\"_5pbx userContent\" data-ft=\"{&quot;tn&quot;:&quot;K&quot;}\">\n<div id=\"id_5748506636f026406686263\" class=\"text_exposed_root text_exposed\">\n<p><b>Der Kulturverein Corriente Latina<\/b> freut sich eine besondere Vernissage von unserem Freund und K\u00fcnstler Andr\u00e9 Linder empfehlen zu d\u00fcrfen.<br \/>\nZwei K\u00fcnstlergenerationen<br \/>\nFantastische Ausstellung mit vielen Highlights<\/p>\n<p><b>EINLADUNG<\/b><br \/>\nZUR AUSSTELLUNGSER\u00d6FFNUNG<span class=\"text_exposed_show\"><br \/>\nSIEGFRIED LINDER \u2013 ANDR\u00c9 LINDER<br \/>\nZWEI K\u00dcNSTLERGENERATIONEN<br \/>\n<b>VERNISSAGE<\/b>: Freitag, 3. Juni, 19 Uhr<br \/>\n<b>AUSSTELLUNGSER\u00d6FFNUNG<\/b>: Markus Koschuh<br \/>\n<b>MUSIK:<\/b> Blues Project 41<br \/>\nMit Toni Zmeck, Daniel Lazzari &amp; Andr\u00e9 Linder<br \/>\n<b>F\u00dcR DIE GESTALTUNG DES ABENDS BITTEN WIR UM FREIWILLIGE SPENDEN<\/b><br \/>\n<b>AUSSTELLUNGSDAUER<\/b>: bis 30. Juni 2016,<br \/>\nMontag \u2013 Freitag, 14:00 \u2013 18:00 Uhr<br \/>\nPrivate F\u00fchrungen nur mit Voranmeldung!<br \/>\n+ 43\/676 4633833 Hr. Linder<\/span><\/p>\n<\/div>\n<\/div>\n<div class=\"_3x-2\">\n<div data-ft=\"{&quot;tn&quot;:&quot;H&quot;}\">\n<div class=\"mtm\">\n<div>\n<div>\n<div class=\"_5inf\">\n<div class=\"uiScaledImageContainer _6m5 fbStoryAttachmentImage _5ind\"><img loading=\"lazy\" decoding=\"async\" class=\"scaledImageFitWidth img\" src=\"https:\/\/scontent-vie1-1.xx.fbcdn.net\/t31.0-0\/c0.0.794.418\/s480x480\/13235659_10210017292889283_4114234190440063796_o.jpg\" alt=\"\" width=\"469\" height=\"247\" \/><\/div>\n<\/div>\n<\/div>\n<\/div>\n<\/div>\n<\/div>\n<\/div>\n","protected":false},"excerpt":{"rendered":"<p>Der Kulturverein Corriente Latina freut sich eine besondere Vernissage von unserem Freund und K\u00fcnstler Andr\u00e9 Linder empfehlen zu d\u00fcrfen. Zwei K\u00fcnstlergenerationen Fantastische Ausstellung mit vielen Highlights EINLADUNG ZUR AUSSTELLUNGSER\u00d6FFNUNG SIEGFRIED [&hellip;]<\/p>\n","protected":false},"author":1,"featured_media":0,"template":"","meta":{"_bbp_topic_count":0,"_bbp_reply_count":0,"_bbp_total_topic_count":0,"_bbp_total_reply_count":0,"_bbp_voice_count":0,"_bbp_anonymous_reply_count":0,"_bbp_topic_count_hidden":0,"_bbp_reply_count_hidden":0,"_bbp_forum_subforum_count":0,"ngg_post_thumbnail":0,"_tribe_events_status":"","_tribe_events_status_reason":"","footnotes":""},"tags":[],"tribe_events_cat":[],"class_list":["post-969","tribe_events","type-tribe_events","status-publish","hentry"],"_links":{"self":[{"href":"http:\/\/franco-tyrolien.at\/wordpress\/wp-json\/wp\/v2\/tribe_events\/969"}],"collection":[{"href":"http:\/\/franco-tyrolien.at\/wordpress\/wp-json\/wp\/v2\/tribe_events"}],"about":[{"href":"http:\/\/franco-tyrolien.at\/wordpress\/wp-json\/wp\/v2\/types\/tribe_events"}],"author":[{"embeddable":true,"href":"http:\/\/franco-tyrolien.at\/wordpress\/wp-json\/wp\/v2\/users\/1"}],"version-history":[{"count":0,"href":"http:\/\/franco-tyrolien.at\/wordpress\/wp-json\/wp\/v2\/tribe_events\/969\/revisions"}],"wp:attachment":[{"href":"http:\/\/franco-tyrolien.at\/wordpress\/wp-json\/wp\/v2\/media?parent=969"}],"wp:term":[{"taxonomy":"post_tag","embeddable":true,"href":"http:\/\/franco-tyrolien.at\/wordpress\/wp-json\/wp\/v2\/tags?post=969"},{"taxonomy":"tribe_events_cat","embeddable":true,"href":"http:\/\/franco-tyrolien.at\/wordpress\/wp-json\/wp\/v2\/tribe_events_cat?post=969"}],"curies":[{"name":"wp","href":"https:\/\/api.w.org\/{rel}","templated":true}]}}