{"id":981,"date":"2016-06-23T07:17:52","date_gmt":"2016-06-23T05:17:52","guid":{"rendered":"http:\/\/franco-tyrolien.at\/wordpress\/?post_type=tribe_events&#038;p=981"},"modified":"2016-06-23T07:17:52","modified_gmt":"2016-06-23T05:17:52","slug":"fete-de-la-musique-innsbruck-singt","status":"publish","type":"tribe_events","link":"http:\/\/franco-tyrolien.at\/wordpress\/event\/fete-de-la-musique-innsbruck-singt\/","title":{"rendered":"F\u00eate de la musique \/ Innsbruck singt"},"content":{"rendered":"<h1>\u201eInnsbruck singt\u201c amSamstag, den 25. Juni 2016<\/h1>\n<div class=\"spacer-20\">\u00a0Das Institut\u00a0 franco-tyrolien d&#8217;Innsbuck, gegr\u00fcndet im April 2015, freut sich zum 2. Mal im Rahmen der Veranstaltung Innsbruck singt die traditionnelle &#8222;f\u00eate de la musique &#8220; zu feiern.<br \/>\nZur diesem Anlass werden wir Sie mit kulinarischen franz\u00f6sichen K\u00f6stlichkeiten verw\u00f6hnen.<\/div>\n<div class=\"spacer-20\"><\/div>\n<div class=\"intro-text accessibility\">Das Mitsing-Erlebnis findet am 25. Juni in der Innenstadt statt.<\/div>\n<div class=\"spacer-20\"><\/div>\n<div class=\"accessibility\">\n<h1><strong>https:\/\/www.ibkinfo.at\/singen-ankuender<\/strong><\/h1>\n<p>\u201eOb richtig oder falsch ist unbedeutend, singen sp\u00fclt den Staub von der Seele!\u201c <sup>_<\/sup> unter diesem Motto erklingen heuer am Samstag, 25. Juni, zum zweiten Mal zahlreiche Stimmen von Hobby- und ProfimusikerInnen. Bei \u201eInnsbruck singt\u201c ist jede\/r eingeladen aus Leibeskr\u00e4ften mitzusingen. Spa\u00df steht im Vordergrund, zur Unterst\u00fctzung begleiten ChorleiterInnen die TeilnehmerInnen. Die Lieder kommen aus allen Stilrichtungen von Pop, Rock \u00fcber Gospels bis hin zu traditionellen Songs.<\/p>\n<h2><strong>Lieder aus aller Welt<\/strong><\/h2>\n<p>Der Auftakt findet um 15:00 Uhr im Innenhof der Hofburg statt. B\u00fcrgermeisterin Mag.<sup>a<\/sup> Christine Oppitz-Pl\u00f6rer er\u00f6ffnet das Einsingen, anschlie\u00dfend singen alle gemeinsam Lieder und Volkslieder aus aller Welt. Ab 18:00 Uhr stehen Popsongs von bekannten Stars, wie beispielsweise Michael Jackson, Beyonc\u00e9 und Coldplay, auf dem Programm. Ehreng\u00e4ste sind heuer die Mitglieder eines Jugendchors aus Innsbrucks Partnerstadt Grenoble. Sie bringen die \u201eF\u00eate de la musique\u201c nach Innsbruck. F\u00fcr das Schlusskonzert, das um 19:30 Uhr beginnt, \u00fcbt Chorleiter Bernhard Sieberer mit allen Interessierten eine halbe Stunde zuvor. Der Abschluss wird von der Jugendphilharmonie, dem Jugendchor der Musikschule Innsbruck und den G\u00e4sten aus Grenoble mitgestaltet. Die Veranstaltung endet um 20:30 Uhr.<\/p>\n<h2><strong>Symposium zu \u201eLa chanson\u201c im Vorprogramm<\/strong><\/h2>\n<p>\u201eMit dem Projekt \u201aInnsbruck singt\u2018 setzt das Kulturamt einen Akzent in Richtung einer aktiven Beteiligung am Kulturgeschehen. Die Premiere im Vorjahr war ein voller Erfolg, der am kommenden Wochenende fortgesetzt werden soll\u201c, erkl\u00e4rt Kulturreferentin B\u00fcrgermeisterin Mag.<sup>a<\/sup> Christine Oppitz-Pl\u00f6rer. F\u00fcr die Verpflegung sorgt das Institut \u201efranco-tyrolien d\u2019Innsbruck\u201c mit franz\u00f6sischen K\u00f6stlichkeiten sowie das Caf\u00e9 Sacher mit \u00f6sterreichischen Spezialit\u00e4ten. Im Vorprogramm findet am Samstag von 14:00 bis 15:00 Uhr das musikwissenschaftliche Symposium des interdisziplin\u00e4ren Frankreich-Schwerpunkts der Universit\u00e4t Innsbruck statt. Das Thema \u201eLa chanson\u201c wird im B\u00fcrgersaal im 2. Stock des Stadtturms behandelt.<\/p>\n<p>Der Eintritt zu allen Programmpunkten ist kostenlos.&#8220;<\/p>\n<hr \/>\n<p style=\"text-align: center;\"><a href=\"http:\/\/franco-tyrolien.at\/wordpress\/wp-content\/uploads\/2016\/06\/folder-ibk-singt2016_EV.pdf\">folder ibk singt2016_EV<br \/>\n<\/a><a href=\"http:\/\/franco-tyrolien.at\/wordpress\/wp-content\/uploads\/2016\/06\/plakat_ibk_singt2016_EV.pdf\">plakat_ibk_singt2016_EV<\/a><\/p>\n<hr \/>\n<p>&nbsp;<\/p>\n<\/div>\n<p><strong><\/p>\n<p><\/strong><\/p>\n","protected":false},"excerpt":{"rendered":"<p>\u201eInnsbruck singt\u201c amSamstag, den 25. Juni 2016 \u00a0Das Institut\u00a0 franco-tyrolien d&#8217;Innsbuck, gegr\u00fcndet im April 2015, freut sich zum 2. Mal im Rahmen der Veranstaltung Innsbruck singt die traditionnelle &#8222;f\u00eate de [&hellip;]<\/p>\n","protected":false},"author":1,"featured_media":0,"template":"","meta":{"_bbp_topic_count":0,"_bbp_reply_count":0,"_bbp_total_topic_count":0,"_bbp_total_reply_count":0,"_bbp_voice_count":0,"_bbp_anonymous_reply_count":0,"_bbp_topic_count_hidden":0,"_bbp_reply_count_hidden":0,"_bbp_forum_subforum_count":0,"ngg_post_thumbnail":0,"_tribe_events_status":"","_tribe_events_status_reason":"","footnotes":""},"tags":[],"tribe_events_cat":[],"class_list":["post-981","tribe_events","type-tribe_events","status-publish","hentry"],"_links":{"self":[{"href":"http:\/\/franco-tyrolien.at\/wordpress\/wp-json\/wp\/v2\/tribe_events\/981"}],"collection":[{"href":"http:\/\/franco-tyrolien.at\/wordpress\/wp-json\/wp\/v2\/tribe_events"}],"about":[{"href":"http:\/\/franco-tyrolien.at\/wordpress\/wp-json\/wp\/v2\/types\/tribe_events"}],"author":[{"embeddable":true,"href":"http:\/\/franco-tyrolien.at\/wordpress\/wp-json\/wp\/v2\/users\/1"}],"version-history":[{"count":0,"href":"http:\/\/franco-tyrolien.at\/wordpress\/wp-json\/wp\/v2\/tribe_events\/981\/revisions"}],"wp:attachment":[{"href":"http:\/\/franco-tyrolien.at\/wordpress\/wp-json\/wp\/v2\/media?parent=981"}],"wp:term":[{"taxonomy":"post_tag","embeddable":true,"href":"http:\/\/franco-tyrolien.at\/wordpress\/wp-json\/wp\/v2\/tags?post=981"},{"taxonomy":"tribe_events_cat","embeddable":true,"href":"http:\/\/franco-tyrolien.at\/wordpress\/wp-json\/wp\/v2\/tribe_events_cat?post=981"}],"curies":[{"name":"wp","href":"https:\/\/api.w.org\/{rel}","templated":true}]}}